{"id":11,"date":"2024-05-13T23:15:07","date_gmt":"2024-05-13T21:15:07","guid":{"rendered":"http:\/\/www.enfermerademicropigmentacion.com\/?page_id=11"},"modified":"2024-11-21T09:09:13","modified_gmt":"2024-11-21T08:09:13","slug":"sobre-mi","status":"publish","type":"page","link":"https:\/\/www.enfermerademicropigmentacion.com\/en\/sobre-mi\/","title":{"rendered":"About me"},"content":{"rendered":"<div data-elementor-type=\"wp-page\" data-elementor-id=\"11\" class=\"elementor elementor-11\" data-elementor-post-type=\"page\">\n\t\t\t\t<div class=\"elementor-element elementor-element-fbf2da0 e-flex e-con-boxed e-con e-parent\" data-id=\"fbf2da0\" data-element_type=\"container\">\n\t\t\t\t\t<div class=\"e-con-inner\">\n\t\t\t\t\t<\/div>\n\t\t\t\t<\/div>\n\t\t<div class=\"elementor-element elementor-element-4d314e1 e-flex e-con-boxed e-con e-parent\" data-id=\"4d314e1\" data-element_type=\"container\">\n\t\t\t\t\t<div class=\"e-con-inner\">\n\t\t<div class=\"elementor-element elementor-element-bf974dc e-con-full e-flex e-con e-child\" data-id=\"bf974dc\" data-element_type=\"container\">\n\t\t\t\t<div class=\"elementor-element elementor-element-baefa97 elementor-widget elementor-widget-text-editor\" data-id=\"baefa97\" data-element_type=\"widget\" data-widget_type=\"text-editor.default\">\n\t\t\t\t<div class=\"elementor-widget-container\">\n\t\t\t<style>\/*! elementor - v3.21.0 - 20-05-2024 *\/\n.elementor-widget-text-editor.elementor-drop-cap-view-stacked .elementor-drop-cap{background-color:#69727d;color:#fff}.elementor-widget-text-editor.elementor-drop-cap-view-framed .elementor-drop-cap{color:#69727d;border:3px solid;background-color:transparent}.elementor-widget-text-editor:not(.elementor-drop-cap-view-default) .elementor-drop-cap{margin-top:8px}.elementor-widget-text-editor:not(.elementor-drop-cap-view-default) .elementor-drop-cap-letter{width:1em;height:1em}.elementor-widget-text-editor .elementor-drop-cap{float:left;text-align:center;line-height:1;font-size:50px}.elementor-widget-text-editor .elementor-drop-cap-letter{display:inline-block}<\/style>\t\t\t\t<p>No recuerdo cuando decid\u00ed ser enfermera, seguramente era muy peque\u00f1a, mi familia dir\u00eda que es de siempre. Lo que s\u00ed recuerdo que me haya acompa\u00f1ado toda mi vida es mi vocaci\u00f3n de cuidado. Es por eso que hace casi 25 a\u00f1os ingres\u00e9 en la universidad para estudiar <b>la profesi\u00f3n m\u00e1s bonita del mundo<\/b>.<\/p><p>En estos m\u00e1s de 20 a\u00f1os he recorrido innumerables hospitales y servicios, rotando desde maternidad o pediatr\u00eda, urgencias y quir\u00f3fano, pasando por unidades de cuidados intensivos. Desde el principio hasta el final de la vida, pasando por todos sus avatares, acompa\u00f1ando a cada paciente, a cada enfermo, como si fuera de mi familia, ya fuera grande o peque\u00f1a su dolencia.<\/p>\t\t\t\t\t\t<\/div>\n\t\t\t\t<\/div>\n\t\t\t\t<div class=\"elementor-element elementor-element-423321a elementor-widget elementor-widget-heading\" data-id=\"423321a\" data-element_type=\"widget\" data-settings=\"{&quot;motion_fx_motion_fx_scrolling&quot;:&quot;yes&quot;,&quot;motion_fx_translateY_effect&quot;:&quot;yes&quot;,&quot;motion_fx_translateY_affectedRange&quot;:{&quot;unit&quot;:&quot;%&quot;,&quot;size&quot;:&quot;&quot;,&quot;sizes&quot;:{&quot;start&quot;:0,&quot;end&quot;:50}},&quot;motion_fx_translateY_speed&quot;:{&quot;unit&quot;:&quot;px&quot;,&quot;size&quot;:4,&quot;sizes&quot;:[]},&quot;motion_fx_devices&quot;:[&quot;desktop&quot;,&quot;laptop&quot;,&quot;tablet&quot;,&quot;mobile&quot;]}\" data-widget_type=\"heading.default\">\n\t\t\t\t<div class=\"elementor-widget-container\">\n\t\t\t<style>\/*! elementor - v3.21.0 - 20-05-2024 *\/\n.elementor-heading-title{padding:0;margin:0;line-height:1}.elementor-widget-heading .elementor-heading-title[class*=elementor-size-]>a{color:inherit;font-size:inherit;line-height:inherit}.elementor-widget-heading .elementor-heading-title.elementor-size-small{font-size:15px}.elementor-widget-heading .elementor-heading-title.elementor-size-medium{font-size:19px}.elementor-widget-heading .elementor-heading-title.elementor-size-large{font-size:29px}.elementor-widget-heading .elementor-heading-title.elementor-size-xl{font-size:39px}.elementor-widget-heading .elementor-heading-title.elementor-size-xxl{font-size:59px}<\/style><h2 class=\"elementor-heading-title elementor-size-default\">\"More than 20 years of experience accompanying each patient in their ailments\"<\/h2>\t\t<\/div>\n\t\t\t\t<\/div>\n\t\t\t\t<\/div>\n\t\t<div class=\"elementor-element elementor-element-7ff9d31 e-con-full e-flex e-con e-child\" data-id=\"7ff9d31\" data-element_type=\"container\" data-settings=\"{&quot;motion_fx_motion_fx_scrolling&quot;:&quot;yes&quot;,&quot;motion_fx_translateX_effect&quot;:&quot;yes&quot;,&quot;motion_fx_translateX_affectedRange&quot;:{&quot;unit&quot;:&quot;%&quot;,&quot;size&quot;:&quot;&quot;,&quot;sizes&quot;:{&quot;start&quot;:0,&quot;end&quot;:50}},&quot;motion_fx_translateX_speed&quot;:{&quot;unit&quot;:&quot;px&quot;,&quot;size&quot;:4,&quot;sizes&quot;:[]},&quot;motion_fx_devices&quot;:[&quot;desktop&quot;,&quot;laptop&quot;,&quot;tablet&quot;,&quot;mobile&quot;]}\">\n\t\t\t\t<div class=\"elementor-element elementor-element-d44b28d elementor-widget elementor-widget-image\" data-id=\"d44b28d\" data-element_type=\"widget\" data-widget_type=\"image.default\">\n\t\t\t\t<div class=\"elementor-widget-container\">\n\t\t\t<style>\/*! elementor - v3.21.0 - 20-05-2024 *\/\n.elementor-widget-image{text-align:center}.elementor-widget-image a{display:inline-block}.elementor-widget-image a img[src$=\".svg\"]{width:48px}.elementor-widget-image img{vertical-align:middle;display:inline-block}<\/style>\t\t\t\t\t\t\t\t\t\t<img fetchpriority=\"high\" decoding=\"async\" width=\"600\" height=\"900\" src=\"https:\/\/www.enfermerademicropigmentacion.com\/wp-content\/uploads\/2024\/05\/sobre-mi-1.jpg\" class=\"attachment-full size-full wp-image-259\" alt=\"\" srcset=\"https:\/\/www.enfermerademicropigmentacion.com\/wp-content\/uploads\/2024\/05\/sobre-mi-1.jpg 600w, https:\/\/www.enfermerademicropigmentacion.com\/wp-content\/uploads\/2024\/05\/sobre-mi-1-200x300.jpg 200w\" sizes=\"(max-width: 600px) 100vw, 600px\" \/>\t\t\t\t\t\t\t\t\t\t\t\t\t<\/div>\n\t\t\t\t<\/div>\n\t\t\t\t<\/div>\n\t\t\t\t\t<\/div>\n\t\t\t\t<\/div>\n\t\t<div class=\"elementor-element elementor-element-71b2a15 e-flex e-con-boxed e-con e-parent\" data-id=\"71b2a15\" data-element_type=\"container\">\n\t\t\t\t\t<div class=\"e-con-inner\">\n\t\t<div class=\"elementor-element elementor-element-aaa1977 e-con-full e-flex e-con e-child\" data-id=\"aaa1977\" data-element_type=\"container\">\n\t\t\t\t<div class=\"elementor-element elementor-element-3caf5c2 elementor-widget elementor-widget-image\" data-id=\"3caf5c2\" data-element_type=\"widget\" data-settings=\"{&quot;motion_fx_motion_fx_scrolling&quot;:&quot;yes&quot;,&quot;motion_fx_translateX_effect&quot;:&quot;yes&quot;,&quot;motion_fx_translateX_direction&quot;:&quot;negative&quot;,&quot;motion_fx_translateX_affectedRange&quot;:{&quot;unit&quot;:&quot;%&quot;,&quot;size&quot;:&quot;&quot;,&quot;sizes&quot;:{&quot;start&quot;:0,&quot;end&quot;:50}},&quot;motion_fx_translateX_speed&quot;:{&quot;unit&quot;:&quot;px&quot;,&quot;size&quot;:4,&quot;sizes&quot;:[]},&quot;motion_fx_devices&quot;:[&quot;desktop&quot;,&quot;laptop&quot;,&quot;tablet&quot;,&quot;mobile&quot;]}\" data-widget_type=\"image.default\">\n\t\t\t\t<div class=\"elementor-widget-container\">\n\t\t\t\t\t\t\t\t\t\t\t\t\t<img decoding=\"async\" width=\"600\" height=\"900\" src=\"https:\/\/www.enfermerademicropigmentacion.com\/wp-content\/uploads\/2024\/05\/sobre-mi-2.jpg\" class=\"attachment-full size-full wp-image-269\" alt=\"\" srcset=\"https:\/\/www.enfermerademicropigmentacion.com\/wp-content\/uploads\/2024\/05\/sobre-mi-2.jpg 600w, https:\/\/www.enfermerademicropigmentacion.com\/wp-content\/uploads\/2024\/05\/sobre-mi-2-200x300.jpg 200w\" sizes=\"(max-width: 600px) 100vw, 600px\" \/>\t\t\t\t\t\t\t\t\t\t\t\t\t<\/div>\n\t\t\t\t<\/div>\n\t\t\t\t<div class=\"elementor-element elementor-element-5da4f81 elementor-absolute elementor-widget elementor-widget-image\" data-id=\"5da4f81\" data-element_type=\"widget\" data-settings=\"{&quot;_position&quot;:&quot;absolute&quot;,&quot;motion_fx_motion_fx_scrolling&quot;:&quot;yes&quot;,&quot;motion_fx_translateX_effect&quot;:&quot;yes&quot;,&quot;motion_fx_translateX_affectedRange&quot;:{&quot;unit&quot;:&quot;%&quot;,&quot;size&quot;:&quot;&quot;,&quot;sizes&quot;:{&quot;start&quot;:0,&quot;end&quot;:50}},&quot;motion_fx_translateX_speed&quot;:{&quot;unit&quot;:&quot;px&quot;,&quot;size&quot;:4,&quot;sizes&quot;:[]},&quot;motion_fx_devices&quot;:[&quot;desktop&quot;,&quot;laptop&quot;,&quot;tablet&quot;,&quot;mobile&quot;]}\" data-widget_type=\"image.default\">\n\t\t\t\t<div class=\"elementor-widget-container\">\n\t\t\t\t\t\t\t\t\t\t\t\t\t<img decoding=\"async\" width=\"500\" height=\"500\" src=\"https:\/\/www.enfermerademicropigmentacion.com\/wp-content\/uploads\/2024\/05\/dots-1.svg\" class=\"attachment-full size-full wp-image-120\" alt=\"\" \/>\t\t\t\t\t\t\t\t\t\t\t\t\t<\/div>\n\t\t\t\t<\/div>\n\t\t\t\t<\/div>\n\t\t<div class=\"elementor-element elementor-element-97e913a e-con-full e-flex e-con e-child\" data-id=\"97e913a\" data-element_type=\"container\">\n\t\t\t\t<div class=\"elementor-element elementor-element-80cf48c elementor-widget elementor-widget-text-editor\" data-id=\"80cf48c\" data-element_type=\"widget\" data-widget_type=\"text-editor.default\">\n\t\t\t\t<div class=\"elementor-widget-container\">\n\t\t\t\t\t\t\t<p>Desde 2015 he orientado mi profesi\u00f3n hacia el campo de la est\u00e9tica, ayudando como enfermera instrumentista a varios equipos de cirug\u00eda pl\u00e1stica m\u00e1s y menos renombrados, compartiendo miles\u00a0de horas en quir\u00f3fano, midiendo, planeando, proyectando, operando\u2026cumpliendo sue\u00f1os\u2026. Fue entonces cuando me form\u00e9 en micropigmentaci\u00f3n, pero no de labios, ni de cejas, en micropigmentaci\u00f3n param\u00e9dica, para seguir ayudando a nuestros pacientes con sus cicatrices, con sus areolas, y con aquellas irregularidades que les alejaran de sentir sus sue\u00f1os terminados.<\/p>\t\t\t\t\t\t<\/div>\n\t\t\t\t<\/div>\n\t\t\t\t<div class=\"elementor-element elementor-element-b2e4e77 elementor-widget elementor-widget-heading\" data-id=\"b2e4e77\" data-element_type=\"widget\" data-settings=\"{&quot;motion_fx_motion_fx_scrolling&quot;:&quot;yes&quot;,&quot;motion_fx_translateY_effect&quot;:&quot;yes&quot;,&quot;motion_fx_translateY_affectedRange&quot;:{&quot;unit&quot;:&quot;%&quot;,&quot;size&quot;:&quot;&quot;,&quot;sizes&quot;:{&quot;start&quot;:0,&quot;end&quot;:50}},&quot;motion_fx_translateY_speed&quot;:{&quot;unit&quot;:&quot;px&quot;,&quot;size&quot;:4,&quot;sizes&quot;:[]},&quot;motion_fx_devices&quot;:[&quot;desktop&quot;,&quot;laptop&quot;,&quot;tablet&quot;,&quot;mobile&quot;]}\" data-widget_type=\"heading.default\">\n\t\t\t\t<div class=\"elementor-widget-container\">\n\t\t\t<h2 class=\"elementor-heading-title elementor-size-default\">\"I trained in paramedic micropigmentation to help my patients continue with their lives.\"<\/h2>\t\t<\/div>\n\t\t\t\t<\/div>\n\t\t\t\t<\/div>\n\t\t\t\t\t<\/div>\n\t\t\t\t<\/div>\n\t\t\t\t<\/div>","protected":false},"excerpt":{"rendered":"<p>No recuerdo cuando decid\u00ed ser enfermera, seguramente era muy peque\u00f1a, mi familia dir\u00eda que es de siempre. Lo que s\u00ed recuerdo que me haya acompa\u00f1ado toda mi vida es mi vocaci\u00f3n de cuidado. Es por eso que hace casi 25 a\u00f1os ingres\u00e9 en la universidad para estudiar la profesi\u00f3n m\u00e1s bonita del mundo. En estos [&hellip;]<\/p>","protected":false},"author":1,"featured_media":0,"parent":0,"menu_order":0,"comment_status":"closed","ping_status":"closed","template":"","meta":{"footnotes":""},"class_list":["post-11","page","type-page","status-publish","hentry"],"yoast_head":"<!-- This site is optimized with the Yoast SEO plugin v25.2 - https:\/\/yoast.com\/wordpress\/plugins\/seo\/ -->\n<title>Sobre Mi - Gemma L\u00f3pez | Micropigmentaci\u00f3n Param\u00e9dica en Madrid<\/title>\n<meta name=\"robots\" content=\"index, follow, max-snippet:-1, max-image-preview:large, max-video-preview:-1\" \/>\n<link rel=\"canonical\" href=\"https:\/\/www.enfermerademicropigmentacion.com\/en\/sobre-mi\/\" \/>\n<meta property=\"og:locale\" content=\"en_GB\" \/>\n<meta property=\"og:type\" content=\"article\" \/>\n<meta property=\"og:title\" content=\"Sobre Mi - Gemma L\u00f3pez | Micropigmentaci\u00f3n Param\u00e9dica en Madrid\" \/>\n<meta property=\"og:description\" content=\"No recuerdo cuando decid\u00ed ser enfermera, seguramente era muy peque\u00f1a, mi familia dir\u00eda que es de siempre. Lo que s\u00ed recuerdo que me haya acompa\u00f1ado toda mi vida es mi vocaci\u00f3n de cuidado. Es por eso que hace casi 25 a\u00f1os ingres\u00e9 en la universidad para estudiar la profesi\u00f3n m\u00e1s bonita del mundo. En estos [&hellip;]\" \/>\n<meta property=\"og:url\" content=\"https:\/\/www.enfermerademicropigmentacion.com\/en\/sobre-mi\/\" \/>\n<meta property=\"og:site_name\" content=\"Gemma L\u00f3pez | Micropigmentaci\u00f3n Param\u00e9dica en Madrid\" \/>\n<meta property=\"article:modified_time\" content=\"2024-11-21T08:09:13+00:00\" \/>\n<meta property=\"og:image\" content=\"https:\/\/www.enfermerademicropigmentacion.com\/wp-content\/uploads\/2024\/05\/sobre-mi-1.jpg\" \/>\n<meta name=\"twitter:card\" content=\"summary_large_image\" \/>\n<meta name=\"twitter:label1\" content=\"Estimated reading time\" \/>\n\t<meta name=\"twitter:data1\" content=\"1 minute\" \/>\n<script type=\"application\/ld+json\" class=\"yoast-schema-graph\">{\"@context\":\"https:\/\/schema.org\",\"@graph\":[{\"@type\":\"WebPage\",\"@id\":\"https:\/\/www.enfermerademicropigmentacion.com\/sobre-mi\/\",\"url\":\"https:\/\/www.enfermerademicropigmentacion.com\/sobre-mi\/\",\"name\":\"Sobre Mi - Gemma L\u00f3pez | Micropigmentaci\u00f3n Param\u00e9dica en Madrid\",\"isPartOf\":{\"@id\":\"https:\/\/www.enfermerademicropigmentacion.com\/#website\"},\"primaryImageOfPage\":{\"@id\":\"https:\/\/www.enfermerademicropigmentacion.com\/sobre-mi\/#primaryimage\"},\"image\":{\"@id\":\"https:\/\/www.enfermerademicropigmentacion.com\/sobre-mi\/#primaryimage\"},\"thumbnailUrl\":\"https:\/\/www.enfermerademicropigmentacion.com\/wp-content\/uploads\/2024\/05\/sobre-mi-1.jpg\",\"datePublished\":\"2024-05-13T21:15:07+00:00\",\"dateModified\":\"2024-11-21T08:09:13+00:00\",\"breadcrumb\":{\"@id\":\"https:\/\/www.enfermerademicropigmentacion.com\/sobre-mi\/#breadcrumb\"},\"inLanguage\":\"en-GB\",\"potentialAction\":[{\"@type\":\"ReadAction\",\"target\":[\"https:\/\/www.enfermerademicropigmentacion.com\/sobre-mi\/\"]}]},{\"@type\":\"ImageObject\",\"inLanguage\":\"en-GB\",\"@id\":\"https:\/\/www.enfermerademicropigmentacion.com\/sobre-mi\/#primaryimage\",\"url\":\"https:\/\/www.enfermerademicropigmentacion.com\/wp-content\/uploads\/2024\/05\/sobre-mi-1.jpg\",\"contentUrl\":\"https:\/\/www.enfermerademicropigmentacion.com\/wp-content\/uploads\/2024\/05\/sobre-mi-1.jpg\"},{\"@type\":\"BreadcrumbList\",\"@id\":\"https:\/\/www.enfermerademicropigmentacion.com\/sobre-mi\/#breadcrumb\",\"itemListElement\":[{\"@type\":\"ListItem\",\"position\":1,\"name\":\"Portada\",\"item\":\"https:\/\/www.enfermerademicropigmentacion.com\/\"},{\"@type\":\"ListItem\",\"position\":2,\"name\":\"Sobre Mi\"}]},{\"@type\":\"WebSite\",\"@id\":\"https:\/\/www.enfermerademicropigmentacion.com\/#website\",\"url\":\"https:\/\/www.enfermerademicropigmentacion.com\/\",\"name\":\"Gemma L\u00f3pez | Micropigmentaci\u00f3n Param\u00e9dica en Madrid\",\"description\":\"Micropigmentaci\u00f3n param\u00e9dica en Madrid especializada en areola-pez\u00f3n 3D y camuflaje de cicatrices mamarias. Enfermera experta en reconstrucci\u00f3n mamaria y est\u00e9tica cl\u00ednica.\",\"potentialAction\":[{\"@type\":\"SearchAction\",\"target\":{\"@type\":\"EntryPoint\",\"urlTemplate\":\"https:\/\/www.enfermerademicropigmentacion.com\/?s={search_term_string}\"},\"query-input\":{\"@type\":\"PropertyValueSpecification\",\"valueRequired\":true,\"valueName\":\"search_term_string\"}}],\"inLanguage\":\"en-GB\"}]}<\/script>\n<!-- \/ Yoast SEO plugin. -->","yoast_head_json":{"title":"Sobre Mi - Gemma L\u00f3pez | Micropigmentaci\u00f3n Param\u00e9dica en Madrid","robots":{"index":"index","follow":"follow","max-snippet":"max-snippet:-1","max-image-preview":"max-image-preview:large","max-video-preview":"max-video-preview:-1"},"canonical":"https:\/\/www.enfermerademicropigmentacion.com\/en\/sobre-mi\/","og_locale":"en_GB","og_type":"article","og_title":"Sobre Mi - Gemma L\u00f3pez | Micropigmentaci\u00f3n Param\u00e9dica en Madrid","og_description":"No recuerdo cuando decid\u00ed ser enfermera, seguramente era muy peque\u00f1a, mi familia dir\u00eda que es de siempre. Lo que s\u00ed recuerdo que me haya acompa\u00f1ado toda mi vida es mi vocaci\u00f3n de cuidado. Es por eso que hace casi 25 a\u00f1os ingres\u00e9 en la universidad para estudiar la profesi\u00f3n m\u00e1s bonita del mundo. En estos [&hellip;]","og_url":"https:\/\/www.enfermerademicropigmentacion.com\/en\/sobre-mi\/","og_site_name":"Gemma L\u00f3pez | Micropigmentaci\u00f3n Param\u00e9dica en Madrid","article_modified_time":"2024-11-21T08:09:13+00:00","og_image":[{"url":"https:\/\/www.enfermerademicropigmentacion.com\/wp-content\/uploads\/2024\/05\/sobre-mi-1.jpg","type":"","width":"","height":""}],"twitter_card":"summary_large_image","twitter_misc":{"Estimated reading time":"1 minute"},"schema":{"@context":"https:\/\/schema.org","@graph":[{"@type":"WebPage","@id":"https:\/\/www.enfermerademicropigmentacion.com\/sobre-mi\/","url":"https:\/\/www.enfermerademicropigmentacion.com\/sobre-mi\/","name":"Sobre Mi - Gemma L\u00f3pez | Micropigmentaci\u00f3n Param\u00e9dica en Madrid","isPartOf":{"@id":"https:\/\/www.enfermerademicropigmentacion.com\/#website"},"primaryImageOfPage":{"@id":"https:\/\/www.enfermerademicropigmentacion.com\/sobre-mi\/#primaryimage"},"image":{"@id":"https:\/\/www.enfermerademicropigmentacion.com\/sobre-mi\/#primaryimage"},"thumbnailUrl":"https:\/\/www.enfermerademicropigmentacion.com\/wp-content\/uploads\/2024\/05\/sobre-mi-1.jpg","datePublished":"2024-05-13T21:15:07+00:00","dateModified":"2024-11-21T08:09:13+00:00","breadcrumb":{"@id":"https:\/\/www.enfermerademicropigmentacion.com\/sobre-mi\/#breadcrumb"},"inLanguage":"en-GB","potentialAction":[{"@type":"ReadAction","target":["https:\/\/www.enfermerademicropigmentacion.com\/sobre-mi\/"]}]},{"@type":"ImageObject","inLanguage":"en-GB","@id":"https:\/\/www.enfermerademicropigmentacion.com\/sobre-mi\/#primaryimage","url":"https:\/\/www.enfermerademicropigmentacion.com\/wp-content\/uploads\/2024\/05\/sobre-mi-1.jpg","contentUrl":"https:\/\/www.enfermerademicropigmentacion.com\/wp-content\/uploads\/2024\/05\/sobre-mi-1.jpg"},{"@type":"BreadcrumbList","@id":"https:\/\/www.enfermerademicropigmentacion.com\/sobre-mi\/#breadcrumb","itemListElement":[{"@type":"ListItem","position":1,"name":"Portada","item":"https:\/\/www.enfermerademicropigmentacion.com\/"},{"@type":"ListItem","position":2,"name":"Sobre Mi"}]},{"@type":"WebSite","@id":"https:\/\/www.enfermerademicropigmentacion.com\/#website","url":"https:\/\/www.enfermerademicropigmentacion.com\/","name":"Gemma L\u00f3pez | Micropigmentaci\u00f3n Param\u00e9dica en Madrid","description":"Micropigmentaci\u00f3n param\u00e9dica en Madrid especializada en areola-pez\u00f3n 3D y camuflaje de cicatrices mamarias. Enfermera experta en reconstrucci\u00f3n mamaria y est\u00e9tica cl\u00ednica.","potentialAction":[{"@type":"SearchAction","target":{"@type":"EntryPoint","urlTemplate":"https:\/\/www.enfermerademicropigmentacion.com\/?s={search_term_string}"},"query-input":{"@type":"PropertyValueSpecification","valueRequired":true,"valueName":"search_term_string"}}],"inLanguage":"en-GB"}]}},"_links":{"self":[{"href":"https:\/\/www.enfermerademicropigmentacion.com\/en\/wp-json\/wp\/v2\/pages\/11","targetHints":{"allow":["GET"]}}],"collection":[{"href":"https:\/\/www.enfermerademicropigmentacion.com\/en\/wp-json\/wp\/v2\/pages"}],"about":[{"href":"https:\/\/www.enfermerademicropigmentacion.com\/en\/wp-json\/wp\/v2\/types\/page"}],"author":[{"embeddable":true,"href":"https:\/\/www.enfermerademicropigmentacion.com\/en\/wp-json\/wp\/v2\/users\/1"}],"replies":[{"embeddable":true,"href":"https:\/\/www.enfermerademicropigmentacion.com\/en\/wp-json\/wp\/v2\/comments?post=11"}],"version-history":[{"count":59,"href":"https:\/\/www.enfermerademicropigmentacion.com\/en\/wp-json\/wp\/v2\/pages\/11\/revisions"}],"predecessor-version":[{"id":709,"href":"https:\/\/www.enfermerademicropigmentacion.com\/en\/wp-json\/wp\/v2\/pages\/11\/revisions\/709"}],"wp:attachment":[{"href":"https:\/\/www.enfermerademicropigmentacion.com\/en\/wp-json\/wp\/v2\/media?parent=11"}],"curies":[{"name":"wp","href":"https:\/\/api.w.org\/{rel}","templated":true}]}}