{"version":"1.0","provider_name":"Gemma L\u00f3pez | Micropigmentaci\u00f3n Param\u00e9dica en Madrid","provider_url":"https:\/\/www.enfermerademicropigmentacion.com\/en","author_name":"admin","author_url":"https:\/\/www.enfermerademicropigmentacion.com\/en\/author\/admin\/","title":"Sobre Mi - Gemma L\u00f3pez | Micropigmentaci\u00f3n Param\u00e9dica en Madrid","type":"rich","width":600,"height":338,"html":"<blockquote class=\"wp-embedded-content\" data-secret=\"3qVykpToZ4\"><a href=\"https:\/\/www.enfermerademicropigmentacion.com\/en\/sobre-mi\/\">About me<\/a><\/blockquote><iframe sandbox=\"allow-scripts\" security=\"restricted\" src=\"https:\/\/www.enfermerademicropigmentacion.com\/en\/sobre-mi\/embed\/#?secret=3qVykpToZ4\" width=\"600\" height=\"338\" title=\"&#8220;Sobre Mi&#8221; &#8212; Gemma L\u00f3pez | Micropigmentaci\u00f3n Param\u00e9dica en Madrid\" data-secret=\"3qVykpToZ4\" frameborder=\"0\" marginwidth=\"0\" marginheight=\"0\" scrolling=\"no\" class=\"wp-embedded-content\"><\/iframe><script>\n\/*! This file is auto-generated *\/\n!function(d,l){\"use strict\";l.querySelector&&d.addEventListener&&\"undefined\"!=typeof URL&&(d.wp=d.wp||{},d.wp.receiveEmbedMessage||(d.wp.receiveEmbedMessage=function(e){var t=e.data;if((t||t.secret||t.message||t.value)&&!\/[^a-zA-Z0-9]\/.test(t.secret)){for(var s,r,n,a=l.querySelectorAll('iframe[data-secret=\"'+t.secret+'\"]'),o=l.querySelectorAll('blockquote[data-secret=\"'+t.secret+'\"]'),c=new RegExp(\"^https?:$\",\"i\"),i=0;i<o.length;i++)o[i].style.display=\"none\";for(i=0;i<a.length;i++)s=a[i],e.source===s.contentWindow&&(s.removeAttribute(\"style\"),\"height\"===t.message?(1e3<(r=parseInt(t.value,10))?r=1e3:~~r<200&&(r=200),s.height=r):\"link\"===t.message&&(r=new URL(s.getAttribute(\"src\")),n=new URL(t.value),c.test(n.protocol))&&n.host===r.host&&l.activeElement===s&&(d.top.location.href=t.value))}},d.addEventListener(\"message\",d.wp.receiveEmbedMessage,!1),l.addEventListener(\"DOMContentLoaded\",function(){for(var e,t,s=l.querySelectorAll(\"iframe.wp-embedded-content\"),r=0;r<s.length;r++)(t=(e=s[r]).getAttribute(\"data-secret\"))||(t=Math.random().toString(36).substring(2,12),e.src+=\"#?secret=\"+t,e.setAttribute(\"data-secret\",t)),e.contentWindow.postMessage({message:\"ready\",secret:t},\"*\")},!1)))}(window,document);\n\/\/# sourceURL=https:\/\/www.enfermerademicropigmentacion.com\/wp-includes\/js\/wp-embed.min.js\n<\/script>","description":"No recuerdo cuando decid\u00ed ser enfermera, seguramente era muy peque\u00f1a, mi familia dir\u00eda que es de siempre. Lo que s\u00ed recuerdo que me haya acompa\u00f1ado toda mi vida es mi vocaci\u00f3n de cuidado. Es por eso que hace casi 25 a\u00f1os ingres\u00e9 en la universidad para estudiar la profesi\u00f3n m\u00e1s bonita del mundo. En estos [&hellip;]","thumbnail_url":"https:\/\/www.enfermerademicropigmentacion.com\/wp-content\/uploads\/2024\/05\/sobre-mi-1.jpg"}